{"id":4695,"date":"2023-05-17T14:42:30","date_gmt":"2023-05-17T12:42:30","guid":{"rendered":"https:\/\/castellafarm.ch\/i-nostri-animali\/"},"modified":"2025-05-30T11:07:42","modified_gmt":"2025-05-30T09:07:42","slug":"animaux-de-la-ferme-pedagogique-canton-du-tessin","status":"publish","type":"page","link":"https:\/\/castellafarm.ch\/fr\/animaux-de-la-ferme-pedagogique-canton-du-tessin\/","title":{"rendered":"Nos animaux"},"content":{"rendered":"<section style=\"background-color:; color: \"  class=\"DefaultMarginBottomHalf TitoloContainer   TextAlignCenter SiteWidth \">Nos animaux <\/section>\n\n<section  style=\"color:; background-color:\"class=\"BlockWrapperContainer  ParagrafoContainer TextFont18  NoMarginTop DefaultMarginBottom100 NoPaddingBottom NoPaddingTop\"><div class=\"InnerParagrafoContainer SiteWidth\"><p style=\"text-align: center;\">La FERME Ca.Stella abrite plusieurs esp\u00e8ces d&rsquo;animaux sensibles, doux et habitu\u00e9s \u00e0 une interaction \u00e9troite avec l&rsquo;homme.<br \/>\nVous aurez l&rsquo;occasion de rencontrer : des chevaux, des poneys, des \u00e2nes, des alpagas, des lapins, des poules et des ch\u00e8vres. D\u00e9couvrez-les tous ci-dessous.<\/p>\n<\/div><\/section>\n\n<section  class=\"BlockWrapperContainer SiteWidth CardsContainer  NoMarginTop NoMarginBottom DefaultPaddingBottom NoPaddingTop\">\t\t\t<div class=\"SingleCard\" data-aos=\"fade-up\" data-aos-delay=\"50\">\n\t\t\t\t<div style=\"background-image:url(https:\/\/castellafarm.ch\/wp-content\/uploads\/2023\/05\/athena.jpg)\" class=\"SingleCardImage\"><\/div>\n\t\t\t<div class=\"SingleCardTitle\">ATHENA<\/div>\n\t\t\t<div class=\"SingleCardSubTitle\"><p><strong>N\u00e9e le 15 mai 1991<\/strong><\/p>\n<p><strong>Jument de pur-sang Appaloosa<\/strong><\/p>\n<p><strong>Cheval<\/strong><\/p>\n<p><strong>Cri : hennissement<\/strong><\/p>\n<\/div>\n\t\t\t<div class=\"SingleCardDesc\"><p>Athena est arriv\u00e9e \u00e0 Ca.Stella avec Trinity, elles sont m\u00e8re et fille. Athena est une jument avec un caract\u00e8re fier et fort, elle est combative et douce \u00e0 la fois, elle aime les promenades et le contact avec les humains, en particulier elle aime \u00eatre caress\u00e9e entre la poitrine et le cou. Elle est l&rsquo;animal le plus ancien de Ca.Stella et est respect\u00e9e par tous.<\/p>\n<\/div>\n\t\t<\/div>\n\t\t\t\t<div class=\"SingleCard\" data-aos=\"fade-up\" data-aos-delay=\"100\">\n\t\t\t\t<div style=\"background-image:url(https:\/\/castellafarm.ch\/wp-content\/uploads\/2023\/05\/trinity.jpg)\" class=\"SingleCardImage\"><\/div>\n\t\t\t<div class=\"SingleCardTitle\">TRINITY<\/div>\n\t\t\t<div class=\"SingleCardSubTitle\"><p><strong>N\u00e9e le 24 mai 2001<\/strong><\/p>\n<p><strong>Jument de pur-sang Appaloosa<\/strong><\/p>\n<p><strong>Cheval<\/strong><\/p>\n<p><strong>Cri : hennissement<\/strong><\/p>\n<\/div>\n\t\t\t<div class=\"SingleCardDesc\"><p>Trinity s&rsquo;est imm\u00e9diatement r\u00e9v\u00e9l\u00e9e \u00eatre un petit cheval tr\u00e8s intelligent et paisible mais aussi tr\u00e8s vif. Il faut s\u2019approcher d\u2019elle fermement et doucement, parfois Trinity l\u00e8che la main et cherche \u00e0 se faire caresser. Depuis son arriv\u00e9e \u00e0 Ca.Stella elle s&rsquo;est imm\u00e9diatement beaucoup attach\u00e9e \u00e0 Luc. De plus, Trinity est la fille d&rsquo;Athena.<\/p>\n<\/div>\n\t\t<\/div>\n\t\t\t\t<div class=\"SingleCard\" data-aos=\"fade-up\" data-aos-delay=\"150\">\n\t\t\t\t<div style=\"background-image:url(https:\/\/castellafarm.ch\/wp-content\/uploads\/2023\/05\/luc.jpg)\" class=\"SingleCardImage\"><\/div>\n\t\t\t<div class=\"SingleCardTitle\">LUC<\/div>\n\t\t\t<div class=\"SingleCardSubTitle\"><p><strong>N\u00e9 le 17 avril 2001<\/strong><\/p>\n<p><strong>Hongre de pur-sang Freiberger\/Franches-Montagnes<\/strong><\/p>\n<p><strong>Cheval<\/strong><\/p>\n<p><strong>Cri : hennissement<\/strong><\/p>\n<\/div>\n\t\t\t<div class=\"SingleCardDesc\"><p>Luc est arriv\u00e9 \u00e0 Ca.Stella avec beaucoup de peur et d\u00e9fense envers les humains. Peu \u00e0 peu il a pris confiance et il s&rsquo;est r\u00e9v\u00e9l\u00e9 \u00eatre un cheval tr\u00e8s doux et docile, surtout dans les situations o\u00f9 il se sent \u00e0 son aise. Luc est aussi un gourmand et adore les douches d&rsquo;\u00e9t\u00e9. Dans le troupeau, il s&rsquo;est toujours montr\u00e9 un tr\u00e8s bon leader, tranquille, calme et jamais violent.<\/p>\n<\/div>\n\t\t<\/div>\n\t\t\t\t<div class=\"SingleCard\" data-aos=\"fade-up\" data-aos-delay=\"200\">\n\t\t\t\t<div style=\"background-image:url(https:\/\/castellafarm.ch\/wp-content\/uploads\/2023\/05\/ethan.jpg)\" class=\"SingleCardImage\"><\/div>\n\t\t\t<div class=\"SingleCardTitle\">ETHAN<\/div>\n\t\t\t<div class=\"SingleCardSubTitle\"><p><strong>N\u00e9 le 10 ao\u00fbt 2010 Hongre<\/strong><\/p>\n<p><strong>Haflinger<\/strong><\/p>\n<p><strong>Cheval Rev\u00a0: hennissant<\/strong><\/p>\n<\/div>\n\t\t\t<div class=\"SingleCardDesc\"><p>Ethan est arriv\u00e9 \u00e0 Ca.Stella en 2022, rus\u00e9 et intelligent, il cherche toujours un moyen d&rsquo;obtenir ce qu&rsquo;il veut&#8230; Et il y parvient souvent ! Il aime \u00eatre en compagnie des gens et cherche constamment de l&rsquo;attention, il est aussi tr\u00e8s t\u00eatu et nous apprend \u00e0 avoir de la patience!<\/p>\n<\/div>\n\t\t<\/div>\n\t\t\t\t<div class=\"SingleCard\" data-aos=\"fade-up\" data-aos-delay=\"250\">\n\t\t\t\t<div style=\"background-image:url(https:\/\/castellafarm.ch\/wp-content\/uploads\/2023\/05\/claretta.jpg)\" class=\"SingleCardImage\"><\/div>\n\t\t\t<div class=\"SingleCardTitle\">CLARETTA<\/div>\n\t\t\t<div class=\"SingleCardSubTitle\"><p><strong>N\u00e9e le 13 avril 2009<\/strong><\/p>\n<p><strong>\u00c2nesse<\/strong><\/p>\n<p><strong>Cri : braiment<\/strong><\/p>\n<\/div>\n\t\t\t<div class=\"SingleCardDesc\"><p>Claretta est une \u00e2nesse tr\u00e8s douce et coop\u00e9rative, elle aime les c\u00e2lins et qu&rsquo;on s&rsquo;occupe d&rsquo;elle. Elle aime aussi les promenades o\u00f9 elle a tendance \u00e0 suivre Fiammetta parce-que les deux sont tr\u00e8s attach\u00e9es.<\/p>\n<\/div>\n\t\t<\/div>\n\t\t\t\t<div class=\"SingleCard\" data-aos=\"fade-up\" data-aos-delay=\"300\">\n\t\t\t\t<div style=\"background-image:url(https:\/\/castellafarm.ch\/wp-content\/uploads\/2023\/05\/fiammetta.jpg)\" class=\"SingleCardImage\"><\/div>\n\t\t\t<div class=\"SingleCardTitle\">FIAMMETTA<\/div>\n\t\t\t<div class=\"SingleCardSubTitle\"><p><strong>N\u00e9e le 15 mai 2009<\/strong><\/p>\n<p><strong>\u00c2nesse<\/strong><\/p>\n<p><strong>Cri : braiment<\/strong><\/p>\n<\/div>\n\t\t\t<div class=\"SingleCardDesc\"><p>Fiammetta a un caract\u00e8re fort, fier et parfois t\u00eatu, elle est tr\u00e8s rus\u00e9e et essaie toujours de tester ceux qui la guident lors des promenades, elle adore les c\u00e2lins et les chatouilles.<\/p>\n<\/div>\n\t\t<\/div>\n\t\t\t\t<div class=\"SingleCard\" data-aos=\"fade-up\" data-aos-delay=\"350\">\n\t\t\t\t<div style=\"background-image:url(https:\/\/castellafarm.ch\/wp-content\/uploads\/2023\/05\/nuvola.jpg)\" class=\"SingleCardImage\"><\/div>\n\t\t\t<div class=\"SingleCardTitle\">NUVOLA (O NUVOLINA)<\/div>\n\t\t\t<div class=\"SingleCardSubTitle\"><p><strong>N\u00e9e le 3 mars 2002<\/strong><\/p>\n<p><strong>Mini Shetland<\/strong><\/p>\n<p><strong>Cheval<\/strong><\/p>\n<p><strong>Cri : hennissement<\/strong><\/p>\n<\/div>\n\t\t\t<div class=\"SingleCardDesc\"><p>Nuvola est arriv\u00e9e \u00e0 Ca.Stella avec Luc et est tr\u00e8s attach\u00e9e \u00e0 lui. Elle est un poney vraiment tranquille et doux, qui au d\u00e9but est timide et r\u00e9serv\u00e9e et il faut s\u2019approcher d\u2019elle doucement. Elle adore les c\u00e2lins et les chatouilles sur son ventre. Nuvola est invalide, parce qu\u2019elle s&rsquo;est bless\u00e9e il y a quelques ann\u00e9es et est rest\u00e9e irr\u00e9m\u00e9diablement boiteuse.<\/p>\n<\/div>\n\t\t<\/div>\n\t\t\t\t<div class=\"SingleCard\" data-aos=\"fade-up\" data-aos-delay=\"400\">\n\t\t\t\t<div style=\"background-image:url(https:\/\/castellafarm.ch\/wp-content\/uploads\/2023\/05\/myra.jpg)\" class=\"SingleCardImage\"><\/div>\n\t\t\t<div class=\"SingleCardTitle\">MYRA<\/div>\n\t\t\t<div class=\"SingleCardSubTitle\"><p><strong>N\u00e9e le 1er janvier 2010<\/strong><\/p>\n<p><strong>Mini Poney<\/strong><\/p>\n<p><strong>Cri : hennissement<\/strong><\/p>\n<\/div>\n\t\t\t<div class=\"SingleCardDesc\"><p>Myra est un poney tr\u00e8s doux, elle adore les c\u00e2lins et est tr\u00e8s coop\u00e9rative. Il faut toujours s\u2019approcher d\u2019elle doucement et d\u00e9licatement, en faisant particuli\u00e8rement attention \u00e0 ne pas l&rsquo;effrayer.<\/p>\n<\/div>\n\t\t<\/div>\n\t\t\t\t<div class=\"SingleCard\" data-aos=\"fade-up\" data-aos-delay=\"450\">\n\t\t\t\t<div style=\"background-image:url(https:\/\/castellafarm.ch\/wp-content\/uploads\/2023\/05\/cleopatra.jpg)\" class=\"SingleCardImage\"><\/div>\n\t\t\t<div class=\"SingleCardTitle\">CLEOPATRA<\/div>\n\t\t\t<div class=\"SingleCardSubTitle\"><p><strong>N\u00e9e \u00e0 octobre 2016<\/strong><\/p>\n<p><strong>Ch\u00e8vre naine<\/strong><\/p>\n<p><strong>Cri : b\u00e9gu\u00e8tement<\/strong><\/p>\n<\/div>\n\t\t\t<div class=\"SingleCardDesc\"><p>Cleopatra est timide et r\u00e9serv\u00e9e, il serait pr\u00e9f\u00e9rable de s\u2019approcher d\u2019elle doucement, de ne jamais la poursuivre ou lui courir apr\u00e8s, mais il faut la laisser s&rsquo;approcher de vous.<\/p>\n<\/div>\n\t\t<\/div>\n\t\t\t\t<div class=\"SingleCard\" data-aos=\"fade-up\" data-aos-delay=\"500\">\n\t\t\t\t<div style=\"background-image:url(https:\/\/castellafarm.ch\/wp-content\/uploads\/2023\/05\/cesare.jpg)\" class=\"SingleCardImage\"><\/div>\n\t\t\t<div class=\"SingleCardTitle\">CESARE<\/div>\n\t\t\t<div class=\"SingleCardSubTitle\"><p><strong>N\u00e9 \u00e0 octobre 2016<\/strong><\/p>\n<p><strong>Ch\u00e8vre naine<\/strong><\/p>\n<p><strong>Cri : b\u00e9gu\u00e8tement<\/strong><\/p>\n<\/div>\n\t\t\t<div class=\"SingleCardDesc\"><p>Cesare est sociable et entreprenant, m\u00eame si parfois il peut \u00eatre un peu imprudent. Il est important de s\u2019approcher de lui gentiment et de lui faire savoir que nous avons des intentions amicales.<\/p>\n<\/div>\n\t\t<\/div>\n\t\t\t\t<div class=\"SingleCard\" data-aos=\"fade-up\" data-aos-delay=\"550\">\n\t\t\t\t<div style=\"background-image:url(https:\/\/castellafarm.ch\/wp-content\/uploads\/2023\/05\/aria.jpg)\" class=\"SingleCardImage\"><\/div>\n\t\t\t<div class=\"SingleCardTitle\">ARIA<\/div>\n\t\t\t<div class=\"SingleCardSubTitle\"><p><strong>N\u00e9e le 20 ao\u00fbt 2017<\/strong><\/p>\n<p><strong>Alpaga<\/strong><\/p>\n<p><strong>Cri : humming<\/strong><\/p>\n<\/div>\n\t\t\t<div class=\"SingleCardDesc\"><p>Aria est n\u00e9e \u00e0 Ca.Stella et elle est la fille de Dara et Silas. Elle a un caract\u00e8re tr\u00e8s particulier : tant\u00f4t elle est rebelle et ind\u00e9pendante, tant\u00f4t elle est c\u00e2line et se couche m\u00eame pour \u00eatre gratt\u00e9e et caress\u00e9e.<\/p>\n<\/div>\n\t\t<\/div>\n\t\t\t\t<div class=\"SingleCard\" data-aos=\"fade-up\" data-aos-delay=\"600\">\n\t\t\t\t<div style=\"background-image:url(https:\/\/castellafarm.ch\/wp-content\/uploads\/2023\/05\/jupiter.jpg)\" class=\"SingleCardImage\"><\/div>\n\t\t\t<div class=\"SingleCardTitle\">JUPITER <\/div>\n\t\t\t<div class=\"SingleCardSubTitle\"><p><strong>N\u00e9 dans l\u2019ann\u00e9e 2009<\/strong><\/p>\n<p><strong>Alpaga<\/strong><\/p>\n<p><strong>Cri : humming<\/strong><\/p>\n<\/div>\n\t\t\t<div class=\"SingleCardDesc\"><p>Jupiter est r\u00e9serv\u00e9 et timide envers les humains, mais avec ses semblables il est fort, dominant et fier.<br \/>\nLorsqu&rsquo;il marche, il doit \u00eatre guid\u00e9 doucement et calmement. Jupiter est souvent en conflit avec Silas quand il s\u2019agit de femelles.<\/p>\n<\/div>\n\t\t<\/div>\n\t\t\t\t<div class=\"SingleCard\" data-aos=\"fade-up\" data-aos-delay=\"650\">\n\t\t\t\t<div style=\"background-image:url(https:\/\/castellafarm.ch\/wp-content\/uploads\/2023\/05\/sisal.jpg)\" class=\"SingleCardImage\"><\/div>\n\t\t\t<div class=\"SingleCardTitle\">SILAS<\/div>\n\t\t\t<div class=\"SingleCardSubTitle\"><p><strong>N\u00e9 dans l\u2019ann\u00e9e 2009<\/strong><\/p>\n<p><strong>Alpaga<\/strong><\/p>\n<p><strong>Cri : humming<\/strong><\/p>\n<\/div>\n\t\t\t<div class=\"SingleCardDesc\"><p>Silas est r\u00e9serv\u00e9 et timide envers les humains, mais avec ses semblables il est joyeux et fonceur. Quand on veut s\u2019approcher de lui et l&#8217;emmener en promenade, il faut \u00eatre calme et douce. Silas est souvent en conflit avec Jupiter pour les femelles.<\/p>\n<\/div>\n\t\t<\/div>\n\t\t\t\t<div class=\"SingleCard\" data-aos=\"fade-up\" data-aos-delay=\"700\">\n\t\t\t\t<div style=\"background-image:url(https:\/\/castellafarm.ch\/wp-content\/uploads\/2023\/05\/sunny-siria.jpg)\" class=\"SingleCardImage\"><\/div>\n\t\t\t<div class=\"SingleCardTitle\">SUNNY SURIA<\/div>\n\t\t\t<div class=\"SingleCardSubTitle\"><p><strong>N\u00e9e le 13 juillet 2015<\/strong><\/p>\n<p><strong>Alpaga<\/strong><\/p>\n<p><strong>Cri : humming<\/strong><\/p>\n<\/div>\n\t\t\t<div class=\"SingleCardDesc\"><p>Sunny-Surya est n\u00e9e a Ca.Stella et elle est la fille de Sissy-Sandy et Silas. Elle est tr\u00e8s douce, timide et attach\u00e9e aux autres femelles. Lors des promenades sa soif de d\u00e9couverte et d&rsquo;exploration ressort aussi souvent. Si elle est guid\u00e9e avec d\u00e9licatesse et d\u00e9termination, elle se confie au groupe.<\/p>\n<\/div>\n\t\t<\/div>\n\t\t\t\t<div class=\"SingleCard\" data-aos=\"fade-up\" data-aos-delay=\"750\">\n\t\t\t\t<div style=\"background-image:url(https:\/\/castellafarm.ch\/wp-content\/uploads\/2023\/05\/galline.jpg)\" class=\"SingleCardImage\"><\/div>\n\t\t\t<div class=\"SingleCardTitle\">LES POULES<\/div>\n\t\t\t<div class=\"SingleCardSubTitle\"><p><strong>N\u00e9es en 2022<\/strong><\/p>\n<p><strong>Poules<\/strong><\/p>\n<p><strong>Cri: caqueter<\/strong><\/p>\n<\/div>\n\t\t\t<div class=\"SingleCardDesc\"><p>Doux et soyeux, ils ont un aspect irr\u00e9sistible et un caract\u00e8re docile. Nos poules de race \u00ab\u00a0moroseta\u00a0\u00bb sont des poules de compagnie sympathiques qui appr\u00e9cient l&rsquo;interaction avec les \u00eatres humains. C&rsquo;est une race unique au monde gr\u00e2ce \u00e0 deux caract\u00e9ristiques qui la rendent inconfondable : la peau noire et le plumage soyeux, semblable \u00e0 la fourrure. Le coq, Joker, est courageux et insolent et est toujours suivi par les curieuses Harley et Quinn. La plus tranquille, Stracciatella, aime \u00eatre perch\u00e9e sur les gens.<\/p>\n<\/div>\n\t\t<\/div>\n\t\t\t\t<div class=\"SingleCard\" data-aos=\"fade-up\" data-aos-delay=\"800\">\n\t\t\t\t<div style=\"background-image:url(https:\/\/castellafarm.ch\/wp-content\/uploads\/2023\/05\/conigli.jpg)\" class=\"SingleCardImage\"><\/div>\n\t\t\t<div class=\"SingleCardTitle\">LES LAPINS<\/div>\n\t\t\t<div class=\"SingleCardSubTitle\"><\/div>\n\t\t\t<div class=\"SingleCardDesc\"><p>Neuf lapins amusants et p\u00e9tillants, m\u00e2les et femelles de diff\u00e9rentes races et couleurs, sont parmi les animaux pr\u00e9f\u00e9r\u00e9s des grands et des petits. Ils sont tous gentils et amicaux et se laissent facilement approcher, caresser et c\u00e2liner par nous tous et par nos invit\u00e9s.<\/p>\n<\/div>\n\t\t<\/div>\n\t<\/section>\n\n\n<section  class=\"BlockWrapperContainer ImmagineTestoImmagine DefaultPaddingTop DefaultPaddingBottom FullWidth NoMarginBottom NoMarginTop \" style=\"background-color:;\">\n\n\t<div class=\"ImmagineTestoImmagineCol ImmagineTestoImmagineCol_1\">\n\t\t<img alt=\"Ca.Stella Farm-Camino Spinirolo-campeggio\"src=\"https:\/\/castellafarm.ch\/wp-content\/uploads\/2023\/06\/prenota-1-1.jpg\"\/>\n\t<\/div>\n\t<div class=\"ImmagineTestoImmagineCol BlockTestoCol\">\n\t\t<p style=\"text-align: center;\">Organisez votre <strong>activit\u00e9<\/strong> dans<br \/>\nla nature <strong>appelez-nous<\/strong> pour<br \/>\nun projet sur mesure !<\/p>\n\t\t<a href=\"https:\/\/castellafarm.ch\/fr\/ferme-pedagogique-mendrisio\/\" class=\"MainButton MainButtonRosa\">\n\t\t\tCONTACTEZ-NOUS\t\t<\/a>\n\t<\/div>\n\t<div class=\"ImmagineTestoImmagineCol ImmagineTestoImmagineCol_2\">\n\t\t<img decoding=\"async\" alt=\"Ca.Stella Farm-Camino Spinirolo - Tenda\" src=\"https:\/\/castellafarm.ch\/wp-content\/uploads\/2023\/06\/prenota-2.jpg\"\/>\n\t<\/div>\n<\/section>","protected":false},"excerpt":{"rendered":"","protected":false},"author":1,"featured_media":4696,"parent":0,"menu_order":0,"comment_status":"closed","ping_status":"closed","template":"","meta":{"_acf_changed":false,"footnotes":""},"class_list":["post-4695","page","type-page","status-publish","has-post-thumbnail","hentry"],"acf":[],"yoast_head":"<!-- This site is optimized with the Yoast SEO plugin v27.3 - https:\/\/yoast.com\/product\/yoast-seo-wordpress\/ -->\n<title>Animaux de la ferme p\u00e9dagogique Canton du Tessin | Ca.Stella Farm<\/title>\n<meta name=\"description\" content=\"D\u00e9couvrez les animaux de la ferme p\u00e9dagogique de Ca.Stella Farm, au c\u0153ur du Canton du Tessin : chevaux, poneys, \u00e2nes, alpagas, lapins, poules et ch\u00e8vres, tous habitu\u00e9s au contact avec les visiteurs.\" \/>\n<meta name=\"robots\" content=\"index, follow, max-snippet:-1, max-image-preview:large, max-video-preview:-1\" \/>\n<link rel=\"canonical\" href=\"https:\/\/castellafarm.ch\/fr\/animaux-de-la-ferme-pedagogique-canton-du-tessin\/\" \/>\n<meta property=\"og:locale\" content=\"fr_FR\" \/>\n<meta property=\"og:type\" content=\"article\" \/>\n<meta property=\"og:title\" content=\"Animaux de la ferme p\u00e9dagogique Canton du Tessin | Ca.Stella Farm\" \/>\n<meta property=\"og:description\" content=\"D\u00e9couvrez les animaux de la ferme p\u00e9dagogique de Ca.Stella Farm, au c\u0153ur du Canton du Tessin : chevaux, poneys, \u00e2nes, alpagas, lapins, poules et ch\u00e8vres, tous habitu\u00e9s au contact avec les visiteurs.\" \/>\n<meta property=\"og:url\" content=\"https:\/\/castellafarm.ch\/fr\/animaux-de-la-ferme-pedagogique-canton-du-tessin\/\" \/>\n<meta property=\"og:site_name\" content=\"Ca.Stella Farm\" \/>\n<meta property=\"article:modified_time\" content=\"2025-05-30T09:07:42+00:00\" \/>\n<meta property=\"og:image\" content=\"https:\/\/castellafarm.ch\/wp-content\/uploads\/2023\/05\/header-animali.jpg\" \/>\n\t<meta property=\"og:image:width\" content=\"1920\" \/>\n\t<meta property=\"og:image:height\" content=\"649\" \/>\n\t<meta property=\"og:image:type\" content=\"image\/jpeg\" \/>\n<meta name=\"twitter:card\" content=\"summary_large_image\" \/>\n<script type=\"application\/ld+json\" class=\"yoast-schema-graph\">{\"@context\":\"https:\\\/\\\/schema.org\",\"@graph\":[{\"@type\":\"WebPage\",\"@id\":\"https:\\\/\\\/castellafarm.ch\\\/fr\\\/animaux-de-la-ferme-pedagogique-canton-du-tessin\\\/\",\"url\":\"https:\\\/\\\/castellafarm.ch\\\/fr\\\/animaux-de-la-ferme-pedagogique-canton-du-tessin\\\/\",\"name\":\"Animaux de la ferme p\u00e9dagogique Canton du Tessin | Ca.Stella Farm\",\"isPartOf\":{\"@id\":\"https:\\\/\\\/2025-corporatesite-castellafarm.mystagingwebsite.com\\\/#website\"},\"primaryImageOfPage\":{\"@id\":\"https:\\\/\\\/castellafarm.ch\\\/fr\\\/animaux-de-la-ferme-pedagogique-canton-du-tessin\\\/#primaryimage\"},\"image\":{\"@id\":\"https:\\\/\\\/castellafarm.ch\\\/fr\\\/animaux-de-la-ferme-pedagogique-canton-du-tessin\\\/#primaryimage\"},\"thumbnailUrl\":\"https:\\\/\\\/castellafarm.ch\\\/wp-content\\\/uploads\\\/2023\\\/05\\\/header-animali.jpg\",\"datePublished\":\"2023-05-17T12:42:30+00:00\",\"dateModified\":\"2025-05-30T09:07:42+00:00\",\"description\":\"D\u00e9couvrez les animaux de la ferme p\u00e9dagogique de Ca.Stella Farm, au c\u0153ur du Canton du Tessin : chevaux, poneys, \u00e2nes, alpagas, lapins, poules et ch\u00e8vres, tous habitu\u00e9s au contact avec les visiteurs.\",\"breadcrumb\":{\"@id\":\"https:\\\/\\\/castellafarm.ch\\\/fr\\\/animaux-de-la-ferme-pedagogique-canton-du-tessin\\\/#breadcrumb\"},\"inLanguage\":\"fr-FR\",\"potentialAction\":[{\"@type\":\"ReadAction\",\"target\":[\"https:\\\/\\\/castellafarm.ch\\\/fr\\\/animaux-de-la-ferme-pedagogique-canton-du-tessin\\\/\"]}]},{\"@type\":\"ImageObject\",\"inLanguage\":\"fr-FR\",\"@id\":\"https:\\\/\\\/castellafarm.ch\\\/fr\\\/animaux-de-la-ferme-pedagogique-canton-du-tessin\\\/#primaryimage\",\"url\":\"https:\\\/\\\/castellafarm.ch\\\/wp-content\\\/uploads\\\/2023\\\/05\\\/header-animali.jpg\",\"contentUrl\":\"https:\\\/\\\/castellafarm.ch\\\/wp-content\\\/uploads\\\/2023\\\/05\\\/header-animali.jpg\",\"width\":1920,\"height\":649},{\"@type\":\"BreadcrumbList\",\"@id\":\"https:\\\/\\\/castellafarm.ch\\\/fr\\\/animaux-de-la-ferme-pedagogique-canton-du-tessin\\\/#breadcrumb\",\"itemListElement\":[{\"@type\":\"ListItem\",\"position\":1,\"name\":\"Home\",\"item\":\"https:\\\/\\\/castellafarm.ch\\\/fr\\\/\"},{\"@type\":\"ListItem\",\"position\":2,\"name\":\"Nos animaux\"}]},{\"@type\":\"WebSite\",\"@id\":\"https:\\\/\\\/2025-corporatesite-castellafarm.mystagingwebsite.com\\\/#website\",\"url\":\"https:\\\/\\\/2025-corporatesite-castellafarm.mystagingwebsite.com\\\/\",\"name\":\"Ca.Stella Farm\",\"description\":\"\",\"publisher\":{\"@id\":\"https:\\\/\\\/2025-corporatesite-castellafarm.mystagingwebsite.com\\\/#organization\"},\"potentialAction\":[{\"@type\":\"SearchAction\",\"target\":{\"@type\":\"EntryPoint\",\"urlTemplate\":\"https:\\\/\\\/2025-corporatesite-castellafarm.mystagingwebsite.com\\\/?s={search_term_string}\"},\"query-input\":{\"@type\":\"PropertyValueSpecification\",\"valueRequired\":true,\"valueName\":\"search_term_string\"}}],\"inLanguage\":\"fr-FR\"},{\"@type\":\"Organization\",\"@id\":\"https:\\\/\\\/2025-corporatesite-castellafarm.mystagingwebsite.com\\\/#organization\",\"name\":\"Ca.Stella Farm\",\"url\":\"https:\\\/\\\/2025-corporatesite-castellafarm.mystagingwebsite.com\\\/\",\"logo\":{\"@type\":\"ImageObject\",\"inLanguage\":\"fr-FR\",\"@id\":\"https:\\\/\\\/2025-corporatesite-castellafarm.mystagingwebsite.com\\\/#\\\/schema\\\/logo\\\/image\\\/\",\"url\":\"https:\\\/\\\/castellafarm.ch\\\/wp-content\\\/uploads\\\/2023\\\/02\\\/Screenshot-2023-02-13-alle-08.55.23.png\",\"contentUrl\":\"https:\\\/\\\/castellafarm.ch\\\/wp-content\\\/uploads\\\/2023\\\/02\\\/Screenshot-2023-02-13-alle-08.55.23.png\",\"width\":510,\"height\":389,\"caption\":\"Ca.Stella Farm\"},\"image\":{\"@id\":\"https:\\\/\\\/2025-corporatesite-castellafarm.mystagingwebsite.com\\\/#\\\/schema\\\/logo\\\/image\\\/\"}}]}<\/script>\n<!-- \/ Yoast SEO plugin. -->","yoast_head_json":{"title":"Animaux de la ferme p\u00e9dagogique Canton du Tessin | Ca.Stella Farm","description":"D\u00e9couvrez les animaux de la ferme p\u00e9dagogique de Ca.Stella Farm, au c\u0153ur du Canton du Tessin : chevaux, poneys, \u00e2nes, alpagas, lapins, poules et ch\u00e8vres, tous habitu\u00e9s au contact avec les visiteurs.","robots":{"index":"index","follow":"follow","max-snippet":"max-snippet:-1","max-image-preview":"max-image-preview:large","max-video-preview":"max-video-preview:-1"},"canonical":"https:\/\/castellafarm.ch\/fr\/animaux-de-la-ferme-pedagogique-canton-du-tessin\/","og_locale":"fr_FR","og_type":"article","og_title":"Animaux de la ferme p\u00e9dagogique Canton du Tessin | Ca.Stella Farm","og_description":"D\u00e9couvrez les animaux de la ferme p\u00e9dagogique de Ca.Stella Farm, au c\u0153ur du Canton du Tessin : chevaux, poneys, \u00e2nes, alpagas, lapins, poules et ch\u00e8vres, tous habitu\u00e9s au contact avec les visiteurs.","og_url":"https:\/\/castellafarm.ch\/fr\/animaux-de-la-ferme-pedagogique-canton-du-tessin\/","og_site_name":"Ca.Stella Farm","article_modified_time":"2025-05-30T09:07:42+00:00","og_image":[{"width":1920,"height":649,"url":"https:\/\/castellafarm.ch\/wp-content\/uploads\/2023\/05\/header-animali.jpg","type":"image\/jpeg"}],"twitter_card":"summary_large_image","schema":{"@context":"https:\/\/schema.org","@graph":[{"@type":"WebPage","@id":"https:\/\/castellafarm.ch\/fr\/animaux-de-la-ferme-pedagogique-canton-du-tessin\/","url":"https:\/\/castellafarm.ch\/fr\/animaux-de-la-ferme-pedagogique-canton-du-tessin\/","name":"Animaux de la ferme p\u00e9dagogique Canton du Tessin | Ca.Stella Farm","isPartOf":{"@id":"https:\/\/2025-corporatesite-castellafarm.mystagingwebsite.com\/#website"},"primaryImageOfPage":{"@id":"https:\/\/castellafarm.ch\/fr\/animaux-de-la-ferme-pedagogique-canton-du-tessin\/#primaryimage"},"image":{"@id":"https:\/\/castellafarm.ch\/fr\/animaux-de-la-ferme-pedagogique-canton-du-tessin\/#primaryimage"},"thumbnailUrl":"https:\/\/castellafarm.ch\/wp-content\/uploads\/2023\/05\/header-animali.jpg","datePublished":"2023-05-17T12:42:30+00:00","dateModified":"2025-05-30T09:07:42+00:00","description":"D\u00e9couvrez les animaux de la ferme p\u00e9dagogique de Ca.Stella Farm, au c\u0153ur du Canton du Tessin : chevaux, poneys, \u00e2nes, alpagas, lapins, poules et ch\u00e8vres, tous habitu\u00e9s au contact avec les visiteurs.","breadcrumb":{"@id":"https:\/\/castellafarm.ch\/fr\/animaux-de-la-ferme-pedagogique-canton-du-tessin\/#breadcrumb"},"inLanguage":"fr-FR","potentialAction":[{"@type":"ReadAction","target":["https:\/\/castellafarm.ch\/fr\/animaux-de-la-ferme-pedagogique-canton-du-tessin\/"]}]},{"@type":"ImageObject","inLanguage":"fr-FR","@id":"https:\/\/castellafarm.ch\/fr\/animaux-de-la-ferme-pedagogique-canton-du-tessin\/#primaryimage","url":"https:\/\/castellafarm.ch\/wp-content\/uploads\/2023\/05\/header-animali.jpg","contentUrl":"https:\/\/castellafarm.ch\/wp-content\/uploads\/2023\/05\/header-animali.jpg","width":1920,"height":649},{"@type":"BreadcrumbList","@id":"https:\/\/castellafarm.ch\/fr\/animaux-de-la-ferme-pedagogique-canton-du-tessin\/#breadcrumb","itemListElement":[{"@type":"ListItem","position":1,"name":"Home","item":"https:\/\/castellafarm.ch\/fr\/"},{"@type":"ListItem","position":2,"name":"Nos animaux"}]},{"@type":"WebSite","@id":"https:\/\/2025-corporatesite-castellafarm.mystagingwebsite.com\/#website","url":"https:\/\/2025-corporatesite-castellafarm.mystagingwebsite.com\/","name":"Ca.Stella Farm","description":"","publisher":{"@id":"https:\/\/2025-corporatesite-castellafarm.mystagingwebsite.com\/#organization"},"potentialAction":[{"@type":"SearchAction","target":{"@type":"EntryPoint","urlTemplate":"https:\/\/2025-corporatesite-castellafarm.mystagingwebsite.com\/?s={search_term_string}"},"query-input":{"@type":"PropertyValueSpecification","valueRequired":true,"valueName":"search_term_string"}}],"inLanguage":"fr-FR"},{"@type":"Organization","@id":"https:\/\/2025-corporatesite-castellafarm.mystagingwebsite.com\/#organization","name":"Ca.Stella Farm","url":"https:\/\/2025-corporatesite-castellafarm.mystagingwebsite.com\/","logo":{"@type":"ImageObject","inLanguage":"fr-FR","@id":"https:\/\/2025-corporatesite-castellafarm.mystagingwebsite.com\/#\/schema\/logo\/image\/","url":"https:\/\/castellafarm.ch\/wp-content\/uploads\/2023\/02\/Screenshot-2023-02-13-alle-08.55.23.png","contentUrl":"https:\/\/castellafarm.ch\/wp-content\/uploads\/2023\/02\/Screenshot-2023-02-13-alle-08.55.23.png","width":510,"height":389,"caption":"Ca.Stella Farm"},"image":{"@id":"https:\/\/2025-corporatesite-castellafarm.mystagingwebsite.com\/#\/schema\/logo\/image\/"}}]}},"_links":{"self":[{"href":"https:\/\/castellafarm.ch\/fr\/wp-json\/wp\/v2\/pages\/4695","targetHints":{"allow":["GET"]}}],"collection":[{"href":"https:\/\/castellafarm.ch\/fr\/wp-json\/wp\/v2\/pages"}],"about":[{"href":"https:\/\/castellafarm.ch\/fr\/wp-json\/wp\/v2\/types\/page"}],"author":[{"embeddable":true,"href":"https:\/\/castellafarm.ch\/fr\/wp-json\/wp\/v2\/users\/1"}],"replies":[{"embeddable":true,"href":"https:\/\/castellafarm.ch\/fr\/wp-json\/wp\/v2\/comments?post=4695"}],"version-history":[{"count":18,"href":"https:\/\/castellafarm.ch\/fr\/wp-json\/wp\/v2\/pages\/4695\/revisions"}],"predecessor-version":[{"id":5550,"href":"https:\/\/castellafarm.ch\/fr\/wp-json\/wp\/v2\/pages\/4695\/revisions\/5550"}],"wp:featuredmedia":[{"embeddable":true,"href":"https:\/\/castellafarm.ch\/fr\/wp-json\/wp\/v2\/media\/4696"}],"wp:attachment":[{"href":"https:\/\/castellafarm.ch\/fr\/wp-json\/wp\/v2\/media?parent=4695"}],"curies":[{"name":"wp","href":"https:\/\/api.w.org\/{rel}","templated":true}]}}